{"id":51,"date":"2015-09-08T23:45:25","date_gmt":"2015-09-08T22:45:25","guid":{"rendered":"http:\/\/camping-les-clos.fr\/camping\/?page_id=51"},"modified":"2021-03-08T20:04:47","modified_gmt":"2021-03-08T19:04:47","slug":"description","status":"publish","type":"page","link":"http:\/\/camping-les-clos.fr\/camping\/description\/","title":{"rendered":"Description"},"content":{"rendered":"<p>Un camping rural 1* situ\u00e9 dans la zone d&rsquo;agglom\u00e9ration du village de Bagnols-en-For\u00eat<\/p>\n<p>&#8211; Les emplacements sont ombrag\u00e9s sur 33 000 m\u00b2 de terrain sous les pins et les ch\u00eanes.<\/p>\n<p>&#8211; Le camping dispose d&rsquo;un emplacement pour les personnes \u00e0 mobilit\u00e9 r\u00e9duite ainsi que les sanitaires adapt\u00e9s PMR.<\/p>\n<p>&#8211; Une piscine et un tennis sont \u00e0 la disposition des campeurs.<\/p>\n<p>&#8211; Le centre du village de Bagnols-en-For\u00eat se situe \u00e0 400 m de l&rsquo;entr\u00e9e du camping\u00a0 avec sa boulangerie, son \u00e9picerie, ses restaurants et son tabac-presse.<\/p>\n<p>&#8211; \u00c0 200 m du camping se trouvent un supermarch\u00e9 et une maison m\u00e9dicale avec une pharmacie, m\u00e9decins, dentiste et kin\u00e9sith\u00e9rapeutes.<\/p>\n<p>&#8211; L&rsquo;environnement imm\u00e9diat est naturel et \u00e0 proximit\u00e9 des zones anim\u00e9es de la C\u00f4te d&rsquo;Azur et des plages.<\/p>\n<p>&#8211; La mer est situ\u00e9e \u00e0 18 km.<\/p>\n<style type=\"text\/css\">.easingslider-165 { max-width: 1600px; }.easingslider-165 .easingslider-image { max-height: 500px; max-width: 1600px; }.easingslider-165 .easingslider-fade-in, .easingslider-fade-out { -webkit-animation-duration: 400ms; -moz-animation-duration: 400ms; animation-duration: 400ms; }<\/style><script type=\"text\/javascript\">window.EasingSlider165 = {\"width\":1600,\"height\":500,\"singleItem\":true,\"items\":1,\"itemsDesktop\":false,\"itemsDesktopSmall\":false,\"itemsTablet\":false,\"itemsTabletSmall\":false,\"itemsMobile\":false,\"responsive\":true,\"lazyLoad\":true,\"autoPlay\":4000,\"slideSpeed\":400,\"navigation\":true,\"navigationText\":[\"\",\"\"],\"pagination\":true,\"autoHeight\":false,\"mouseDrag\":false,\"touchDrag\":false,\"addClassActive\":true,\"transitionStyle\":\"fade\"};<\/script><div data-id=\"165\" class=\"easingslider easingslider-165 easingslider-container easingslider-resizing-enabled easingslider-aspect-ratio easingslider-arrows-inside easingslider-pagination-inside easingslider-pagination-bottom-center\"><div class=\"easingslider-slide\"><a href=\"none\" target=\"\"><img src=\"http:\/\/camping-les-clos.fr\/camping\/wp-content\/plugins\/easing-slider\/assets\/images\/placeholder-pixel.png\" data-src=\"http:\/\/camping-les-clos.fr\/camping\/wp-content\/uploads\/2015\/09\/bandeau03-1600x500.jpg\" alt=\"\" title=\"\" class=\"easingslider-image easingslider-lazy\" \/><\/a><\/div><div class=\"easingslider-slide\"><a href=\"none\" target=\"\"><img src=\"http:\/\/camping-les-clos.fr\/camping\/wp-content\/plugins\/easing-slider\/assets\/images\/placeholder-pixel.png\" data-src=\"http:\/\/camping-les-clos.fr\/camping\/wp-content\/uploads\/2015\/09\/bandeau04-1600x500.jpg\" alt=\"\" title=\"\" class=\"easingslider-image easingslider-lazy\" \/><\/a><\/div><div class=\"easingslider-slide\"><a href=\"none\" target=\"\"><img src=\"http:\/\/camping-les-clos.fr\/camping\/wp-content\/plugins\/easing-slider\/assets\/images\/placeholder-pixel.png\" data-src=\"http:\/\/camping-les-clos.fr\/camping\/wp-content\/uploads\/2015\/09\/bandeau05-1600x500.jpg\" alt=\"\" title=\"\" class=\"easingslider-image easingslider-lazy\" \/><\/a><\/div><div class=\"easingslider-slide\"><a href=\"none\" target=\"\"><img src=\"http:\/\/camping-les-clos.fr\/camping\/wp-content\/plugins\/easing-slider\/assets\/images\/placeholder-pixel.png\" data-src=\"http:\/\/camping-les-clos.fr\/camping\/wp-content\/uploads\/2015\/09\/bandeau06-1600x500.jpg\" alt=\"\" title=\"\" class=\"easingslider-image easingslider-lazy\" \/><\/a><\/div><div class=\"easingslider-slide\"><a href=\"none\" target=\"\"><img src=\"http:\/\/camping-les-clos.fr\/camping\/wp-content\/plugins\/easing-slider\/assets\/images\/placeholder-pixel.png\" data-src=\"http:\/\/camping-les-clos.fr\/camping\/wp-content\/uploads\/2015\/09\/bandeau07-1600x500.jpg\" alt=\"\" title=\"\" class=\"easingslider-image easingslider-lazy\" \/><\/a><\/div><div class=\"easingslider-slide\"><a href=\"none\" target=\"\"><img src=\"http:\/\/camping-les-clos.fr\/camping\/wp-content\/plugins\/easing-slider\/assets\/images\/placeholder-pixel.png\" data-src=\"http:\/\/camping-les-clos.fr\/camping\/wp-content\/uploads\/2015\/09\/bandeau08-1600x500.jpg\" alt=\"\" title=\"\" class=\"easingslider-image easingslider-lazy\" \/><\/a><\/div><div class=\"easingslider-slide\"><a href=\"none\" target=\"\"><img src=\"http:\/\/camping-les-clos.fr\/camping\/wp-content\/plugins\/easing-slider\/assets\/images\/placeholder-pixel.png\" data-src=\"http:\/\/camping-les-clos.fr\/camping\/wp-content\/uploads\/2015\/09\/bandeau09-1600x500.jpg\" alt=\"\" title=\"\" class=\"easingslider-image easingslider-lazy\" \/><\/a><\/div><div class=\"easingslider-slide\"><a href=\"none\" target=\"\"><img src=\"http:\/\/camping-les-clos.fr\/camping\/wp-content\/plugins\/easing-slider\/assets\/images\/placeholder-pixel.png\" data-src=\"http:\/\/camping-les-clos.fr\/camping\/wp-content\/uploads\/2015\/09\/bandeau10-1600x500.jpg\" alt=\"\" title=\"\" class=\"easingslider-image easingslider-lazy\" \/><\/a><\/div><div class=\"easingslider-slide\"><a href=\"none\" target=\"\"><img src=\"http:\/\/camping-les-clos.fr\/camping\/wp-content\/plugins\/easing-slider\/assets\/images\/placeholder-pixel.png\" data-src=\"http:\/\/camping-les-clos.fr\/camping\/wp-content\/uploads\/2015\/09\/bandeau11-1600x500.jpg\" alt=\"\" title=\"\" class=\"easingslider-image easingslider-lazy\" \/><\/a><\/div><\/div>\n","protected":false},"excerpt":{"rendered":"<p>Un camping rural 1* situ\u00e9 dans la zone d&rsquo;agglom\u00e9ration du village de Bagnols-en-For\u00eat &#8211; Les emplacements sont ombrag\u00e9s sur 33 000 m\u00b2 de terrain sous les pins et les ch\u00eanes. &#8211; Le camping dispose d&rsquo;un emplacement pour les personnes \u00e0 mobilit\u00e9 r\u00e9duite ainsi que les sanitaires adapt\u00e9s PMR. &#8211; Une piscine et un tennis sont &hellip; <a href=\"http:\/\/camping-les-clos.fr\/camping\/description\/\" class=\"more-link\">Continuer la lecture<span class=\"screen-reader-text\"> de <span class=\"screen-reader-text\">Description<\/span><\/span>&nbsp;<span class=\"meta-nav\">&rarr;<\/span><\/a><\/p>\n","protected":false},"author":1,"featured_media":0,"parent":0,"menu_order":0,"comment_status":"closed","ping_status":"closed","template":"","meta":[],"_links":{"self":[{"href":"http:\/\/camping-les-clos.fr\/camping\/wp-json\/wp\/v2\/pages\/51"}],"collection":[{"href":"http:\/\/camping-les-clos.fr\/camping\/wp-json\/wp\/v2\/pages"}],"about":[{"href":"http:\/\/camping-les-clos.fr\/camping\/wp-json\/wp\/v2\/types\/page"}],"author":[{"embeddable":true,"href":"http:\/\/camping-les-clos.fr\/camping\/wp-json\/wp\/v2\/users\/1"}],"replies":[{"embeddable":true,"href":"http:\/\/camping-les-clos.fr\/camping\/wp-json\/wp\/v2\/comments?post=51"}],"version-history":[{"count":10,"href":"http:\/\/camping-les-clos.fr\/camping\/wp-json\/wp\/v2\/pages\/51\/revisions"}],"predecessor-version":[{"id":231,"href":"http:\/\/camping-les-clos.fr\/camping\/wp-json\/wp\/v2\/pages\/51\/revisions\/231"}],"wp:attachment":[{"href":"http:\/\/camping-les-clos.fr\/camping\/wp-json\/wp\/v2\/media?parent=51"}],"curies":[{"name":"wp","href":"https:\/\/api.w.org\/{rel}","templated":true}]}}